{"id":4764,"date":"2023-05-17T23:53:26","date_gmt":"2023-05-17T21:53:26","guid":{"rendered":"https:\/\/simoni.com\/aire-comprimido\/"},"modified":"2024-02-03T20:23:00","modified_gmt":"2024-02-03T19:23:00","slug":"aire-comprimido","status":"publish","type":"page","link":"https:\/\/simoni.com\/es\/aire-comprimido\/","title":{"rendered":"Aire comprimido"},"content":{"rendered":"<section class=\"wpb-content-wrapper\"><p>[vc_row css=\u00bb.vc_custom_1684360947788{margin-top: 15px !important;}\u00bb][vc_column width=\u00bb1\/2&#8243;][vc_column_text css=\u00bb.vc_custom_1684360744389{margin-top: 40px !important;}\u00bb]<\/p>\n<h1 class=\"p1\"><span style=\"color: #001240;\">Aire comprimido<\/span><\/h1>\n<p>[\/vc_column_text][vc_column_text]<\/p>\n<p class=\"p1\"><strong>Simoni<\/strong> tiene los derechos exclusivos para Italia de los productos de tecnolog\u00eda de aire comprimido de <a href=\"https:\/\/www.nexflow.com\/it\/\">NEX FLOW<\/a>.<\/p>\n<p>Nex Flow Air Products Corp. es una empresa con m\u00e1s de 30 a\u00f1os de experiencia en el desarrollo de productos de aire comprimido que mejoran la eficiencia energ\u00e9tica, la calidad y el entorno de trabajo. Con el uso correcto del aire comprimido para soplado, refrigeraci\u00f3n y transporte, la empresa ofrece al mercado tecnolog\u00edas \u00fanicas y productos de m\u00e1xima calidad, fiables, seguros e innovadores.[\/vc_column_text][vc_btn title=\u00bbDescubra los productos disponibles\u00bb style=\u00bboutline-custom\u00bb outline_custom_color=\u00bb#001240&#8243; outline_custom_hover_background=\u00bb#001240&#8243; outline_custom_hover_text=\u00bb#ffffff\u00bb shape=\u00bbround\u00bb align=\u00bbleft\u00bb i_icon_fontawesome=\u00bbfas fa-chevron-down\u00bb add_icon=\u00bbtrue\u00bb link=\u00bburl:%23Tipos_de_enlace|\u00bb][\/vc_column][vc_column width=\u00bb1\/2&#8243;][vc_column_text css=\u00bb.vc_custom_1684360974339{margin-top: 40px !important;}\u00bb]<div id=\"metaslider-id-1243\" style=\"width: 100%;\" class=\"ml-slider-3-100-1 metaslider metaslider-flex metaslider-1243 ml-slider ms-theme-default\" role=\"region\" aria-label=\"aria compressa\" data-height=\"540\" data-width=\"540\">\n    <div id=\"metaslider_container_1243\">\n        <div id=\"metaslider_1243\">\n            <ul class='slides'>\n                <li style=\"display: block; width: 100%;\" class=\"slide-1264 ms-image \" aria-roledescription=\"slide\" data-date=\"2023-05-18 00:01:44\"><img decoding=\"async\" src=\"https:\/\/simoni.com\/wp-content\/uploads\/2023\/05\/Schermata-2022-06-01-alle-10.21.53-540x540.png\" height=\"540\" width=\"540\" alt=\"\" class=\"slider-1243 slide-1264 msDefaultImage\" title=\"Schermata-2022-06-01-alle-10.21.53\" \/><\/li>\n                <li style=\"display: none; width: 100%;\" class=\"slide-1265 ms-image \" aria-roledescription=\"slide\" data-date=\"2023-05-18 00:01:44\"><img decoding=\"async\" src=\"https:\/\/simoni.com\/wp-content\/uploads\/2023\/05\/simoni-aria-compressa-raffreddatori-1-500x499.jpeg\" height=\"540\" width=\"540\" alt=\"\" class=\"slider-1243 slide-1265 msDefaultImage\" title=\"simoni-aria-compressa-raffreddatori-1\" \/><\/li>\n                <li style=\"display: none; width: 100%;\" class=\"slide-1266 ms-image \" aria-roledescription=\"slide\" data-date=\"2023-05-18 00:01:44\"><img decoding=\"async\" src=\"https:\/\/simoni.com\/wp-content\/uploads\/2023\/05\/simoni-aria-compressa-raffreddatori-2-500x499.jpg\" height=\"540\" width=\"540\" alt=\"\" class=\"slider-1243 slide-1266 msDefaultImage\" title=\"simoni-aria-compressa-raffreddatori-2\" \/><\/li>\n                <li style=\"display: none; width: 100%;\" class=\"slide-1267 ms-image \" aria-roledescription=\"slide\" data-date=\"2023-05-18 00:01:44\"><img decoding=\"async\" src=\"https:\/\/simoni.com\/wp-content\/uploads\/2023\/05\/Simoni-elettrostatica-elettrostatica-soffianti-1024x674-1-540x540.png\" height=\"540\" width=\"540\" alt=\"\" class=\"slider-1243 slide-1267 msDefaultImage\" title=\"Simoni-elettrostatica-elettrostatica-soffianti-1024x674\" \/><\/li>\n            <\/ul>\n        <\/div>\n        \n    <\/div>\n<\/div>[\/vc_column_text][\/vc_column][\/vc_row][vc_section][vc_row][vc_column][vc_column_text]<\/p>\n<h3 id=\"Link_tipologie\"><\/h3>\n<p>[\/vc_column_text][vc_column_text]<\/p>\n<h3>Los productos que revendemos:<\/h3>\n<p>[\/vc_column_text][vc_basic_grid post_type=\u00bbids\u00bb gap=\u00bb25&#8243; item=\u00bb806&#8243; grid_id=\u00bbvc_gid:1704140827631-12777f34-f42d-3&#8243; include=\u00bb2822, 2893, 2966, 3018&#8243;][\/vc_column][\/vc_row][vc_row][\/vc_row][vc_column_text][\/vc_column_text][\/vc_section][vc_section content_placement=\u00bbmiddle\u00bb parallax=\u00bbcontent-moving\u00bb css=\u00bb.vc_custom_1644006450687{margin-top: 0px !important;margin-right: 0px !important;margin-bottom: 0px !important;margin-left: 0px !important;padding-top: 40px !important;padding-right: 40px !important;padding-bottom: 40px !important;padding-left: 40px !important;background-color: #fbf3b8 !important;border-radius: 15px !important;}\u00bb][vc_row gap=\u00bb10&#8243; equal_height=\u00bbyes\u00bb][vc_column width=\u00bb1\/2&#8243; offset=\u00bbvc_hidden-sm vc_hidden-xs\u00bb css=\u00bb.vc_custom_1644009202231{background-position: center !important;background-repeat: no-repeat !important;background-size: contain !important;}\u00bb][vc_column_text]<\/p>\n<h3><span style=\"color: #001240;\">\u00bfDesea solicitar una oferta?<\/span><\/h3>\n<p><span style=\"color: #001240;\">Seleccione para qu\u00e9 producto desea solicitar m\u00e1s informaci\u00f3n<\/span>[\/vc_column_text][\/vc_column][vc_column width=\u00bb1\/2&#8243; css=\u00bb.vc_custom_1644009206871{margin-top: 0px !important;margin-right: 0px !important;margin-bottom: 0px !important;margin-left: 0px !important;padding-top: 0px !important;padding-right: 0px !important;padding-bottom: 0px !important;padding-left: 0px !important;}\u00bb offset=\u00bbvc_hidden-sm vc_hidden-xs\u00bb][vc_separator color=\u00bbcustom\u00bb accent_color=\u00bbrgba(32,32,32,0.1)\u00bb][vc_cta h2=\u00bb\u00bb h2_font_container=\u00bbtag:h4|text_align:left\u00bb h2_use_theme_fonts=\u00bbyes\u00bb shape=\u00bbsquare\u00bb style=\u00bbcustom\u00bb add_icon=\u00bbright\u00bb i_type=\u00bbentypo\u00bb i_icon_entypo=\u00bbentypo-icon entypo-icon-right-open\u00bb i_color=\u00bbcustom\u00bb i_size=\u00bblg\u00bb i_css_animation=\u00bbfadeInLeft\u00bb use_custom_fonts_h2=\u00bbtrue\u00bb i_on_border=\u00bbtrue\u00bb custom_background=\u00bb#fbf3b8&#8243; i_custom_color=\u00bb#001240&#8243; custom_text=\u00bb#a8a8a8&#8243; css=\u00bb.vc_custom_1704126935844{padding-top: 0px !important;padding-right: 0px !important;padding-bottom: 0px !important;padding-left: 0px !important;}\u00bb h2_link=\u00bburl:https%3A%2F%2Fsimoni.com%2Faria-compressa%2Fraffreddatori%2Frichiedi-offerta-raffreddatori%2F|title:Richiesta%20offerta|target:_blank\u00bb i_link=\u00bburl:https%3A%2F%2Fsimoni.com%2Faria-compressa%2Fraffreddatori%2Frichiedi-offerta-raffreddatori%2F|title:Solicitud%20de%20oferta|target:_blank|\u00bb]<\/p>\n<h4><a href=\"https:\/\/simoni.com\/aria-compressa\/raffreddatori\/richiedi-offerta-raffreddatori\/\" target=\"_blank\" rel=\"noopener\">Refrigeradores<\/a><\/h4>\n<p>[\/vc_cta][vc_separator color=\u00bbcustom\u00bb accent_color=\u00bbrgba(32,32,32,0.1)\u00bb][vc_cta h2=\u00bb\u00bb h2_font_container=\u00bbtag:h4|text_align:left\u00bb h2_use_theme_fonts=\u00bbyes\u00bb shape=\u00bbsquare\u00bb style=\u00bbcustom\u00bb add_icon=\u00bbright\u00bb i_type=\u00bbentypo\u00bb i_icon_entypo=\u00bbentypo-icon entypo-icon-right-open\u00bb i_color=\u00bbcustom\u00bb i_size=\u00bblg\u00bb i_css_animation=\u00bbfadeInLeft\u00bb use_custom_fonts_h2=\u00bbtrue\u00bb i_on_border=\u00bbtrue\u00bb custom_background=\u00bb#fbf3b8&#8243; i_custom_color=\u00bb#001240&#8243; custom_text=\u00bb#a8a8a8&#8243; css=\u00bb.vc_custom_1704128420999{padding-top: 0px !important;padding-right: 0px !important;padding-bottom: 0px !important;padding-left: 0px !important;}\u00bb h2_link=\u00bburl:https%3A%2F%2Fsimoni.com%2Faria-compressa%2Fsoffianti%2Frichiesta-offerta-soffianti-aria-compressa%2F|title:Richiesta%20offerta|target:_blank\u00bb i_link=\u00bburl:https%3A%2F%2Fsimoni.com%2Faria-compressa%2Fsoffianti%2Frichiesta-offerta-soffianti-aria-compressa%2F|title:Solicitud%20de%20oferta|target:_blank|\u00bb]<\/p>\n<h4><a href=\"https:\/\/simoni.com\/aria-compressa\/soffianti\/richiesta-offerta-soffianti-aria-compressa\/\" target=\"_blank\" rel=\"noopener\">Sopladores<\/a><\/h4>\n<p>[\/vc_cta][vc_separator color=\u00bbcustom\u00bb accent_color=\u00bbrgba(32,32,32,0.1)\u00bb][vc_cta h2=\u00bb\u00bb h2_font_container=\u00bbtag:h4|text_align:left\u00bb h2_use_theme_fonts=\u00bbyes\u00bb shape=\u00bbsquare\u00bb style=\u00bbcustom\u00bb add_icon=\u00bbright\u00bb i_type=\u00bbentypo\u00bb i_icon_entypo=\u00bbentypo-icon entypo-icon-right-open\u00bb i_color=\u00bbcustom\u00bb i_size=\u00bblg\u00bb i_css_animation=\u00bbfadeInLeft\u00bb use_custom_fonts_h2=\u00bbtrue\u00bb i_on_border=\u00bbtrue\u00bb custom_background=\u00bb#fbf3b8&#8243; i_custom_color=\u00bb#001240&#8243; custom_text=\u00bb#a8a8a8&#8243; css=\u00bb.vc_custom_1704128549269{padding-top: 0px !important;padding-right: 0px !important;padding-bottom: 0px !important;padding-left: 0px !important;}\u00bb h2_link=\u00bburl:https%3A%2F%2Fsimoni.com%2Faria-compressa%2Ftrasportatori-ad-aria%2Frichiesta-offerta-trasportatori-aria%2F|title:Richiesta%20offerta|target:_blank\u00bb i_link=\u00bburl:https%3A%2F%2Fsimoni.com%2Faria-compressa%2Ftrasportatori-ad-aria%2Frichiesta-offerta-trasportatori-aria%2F|title:Solicitud%20de%20oferta|target:_blank|\u00bb]<\/p>\n<h4><a href=\"https:\/\/simoni.com\/aria-compressa\/trasportatori-ad-aria\/richiesta-offerta-trasportatori-aria\/\" target=\"_blank\" rel=\"noopener\">Transportadores de aire<\/a><\/h4>\n<p>[\/vc_cta][vc_separator color=\u00bbcustom\u00bb accent_color=\u00bbrgba(32,32,32,0.1)\u00bb][vc_cta h2=\u00bb\u00bb h2_font_container=\u00bbtag:h4|text_align:left\u00bb h2_use_theme_fonts=\u00bbyes\u00bb shape=\u00bbsquare\u00bb style=\u00bbcustom\u00bb add_icon=\u00bbright\u00bb i_type=\u00bbentypo\u00bb i_icon_entypo=\u00bbentypo-icon entypo-icon-right-open\u00bb i_color=\u00bbcustom\u00bb i_size=\u00bblg\u00bb i_css_animation=\u00bbfadeInLeft\u00bb use_custom_fonts_h2=\u00bbtrue\u00bb i_on_border=\u00bbtrue\u00bb custom_background=\u00bb#fbf3b8&#8243; i_custom_color=\u00bb#001240&#8243; custom_text=\u00bb#a8a8a8&#8243; css=\u00bb.vc_custom_1704128675896{padding-top: 0px !important;padding-right: 0px !important;padding-bottom: 0px !important;padding-left: 0px !important;}\u00bb h2_link=\u00bburl:https%3A%2F%2Fsimoni.com%2Faria-compressa%2Faccessori-aria-compressa%2Frichiesta-offerta-accessori-aria-compressa%2F|title:Richiesta%20offerta|target:_blank\u00bb i_link=\u00bburl:https%3A%2F%2Fsimoni.com%2Faria-compressa%2Faccessori-aria-compressa%2Frichiesta-offerta-accessori-aria-compressa%2F|title:Solicitud%20de%20oferta|target:_blank|\u00bb]<\/p>\n<h4><a href=\"https:\/\/simoni.com\/aria-compressa\/accessori-aria-compressa\/richiesta-offerta-accessori-aria-compressa\/\" target=\"_blank\" rel=\"noopener\">Accesorios para aire comprimido<\/a><\/h4>\n<p>[\/vc_cta][vc_separator color=\u00bbcustom\u00bb accent_color=\u00bbrgba(32,32,32,0.1)\u00bb][\/vc_column][\/vc_row][vc_row gap=\u00bb10&#8243; equal_height=\u00bbyes\u00bb][vc_column offset=\u00bbvc_hidden-lg vc_hidden-md vc_hidden-xs\u00bb css=\u00bb.vc_custom_1654034792340{background-position: center !important;background-repeat: no-repeat !important;background-size: contain !important;}\u00bb][vc_column_text]<\/p>\n<h3><span style=\"color: #001240;\">\u00bfDesea solicitar una oferta?<\/span><\/h3>\n<p><span style=\"color: #001240;\">Seleccione para qu\u00e9 producto desea solicitar m\u00e1s informaci\u00f3n<\/span>[\/vc_column_text][vc_separator color=\u00bbcustom\u00bb accent_color=\u00bbrgba(32,32,32,0.1)\u00bb][vc_cta h2=\u00bb\u00bb h2_font_container=\u00bbtag:h4|text_align:left\u00bb h2_use_theme_fonts=\u00bbyes\u00bb shape=\u00bbsquare\u00bb style=\u00bbcustom\u00bb add_icon=\u00bbright\u00bb i_type=\u00bbentypo\u00bb i_icon_entypo=\u00bbentypo-icon entypo-icon-right-open\u00bb i_color=\u00bbcustom\u00bb i_size=\u00bblg\u00bb i_css_animation=\u00bbfadeInLeft\u00bb use_custom_fonts_h2=\u00bbtrue\u00bb i_on_border=\u00bbtrue\u00bb custom_background=\u00bb#fbf3b8&#8243; i_custom_color=\u00bb#001240&#8243; custom_text=\u00bb#a8a8a8&#8243; css=\u00bb.vc_custom_1704126973607{padding-top: 0px !important;padding-right: 0px !important;padding-bottom: 0px !important;padding-left: 0px !important;}\u00bb h2_link=\u00bburl:https%3A%2F%2Fsimoni.com%2Faria-compressa%2Fraffreddatori%2Frichiedi-offerta-raffreddatori%2F|title:Richiesta%20offerta|target:_blank\u00bb i_link=\u00bburl:https%3A%2F%2Fsimoni.com%2Faria-compressa%2Fraffreddatori%2Frichiedi-offerta-raffreddatori%2F|title:Solicitud%20de%20oferta|target:_blank|\u00bb]<\/p>\n<h4><a href=\"https:\/\/simoni.com\/aria-compressa\/raffreddatori\/richiedi-offerta-raffreddatori\/\" target=\"_blank\" rel=\"noopener\">Refrigeradores<\/a><\/h4>\n<p>[\/vc_cta][vc_separator color=\u00bbcustom\u00bb accent_color=\u00bbrgba(32,32,32,0.1)\u00bb][vc_cta h2=\u00bb\u00bb h2_font_container=\u00bbtag:h4|text_align:left\u00bb h2_use_theme_fonts=\u00bbyes\u00bb shape=\u00bbsquare\u00bb style=\u00bbcustom\u00bb add_icon=\u00bbright\u00bb i_type=\u00bbentypo\u00bb i_icon_entypo=\u00bbentypo-icon entypo-icon-right-open\u00bb i_color=\u00bbcustom\u00bb i_size=\u00bblg\u00bb i_css_animation=\u00bbfadeInLeft\u00bb use_custom_fonts_h2=\u00bbtrue\u00bb i_on_border=\u00bbtrue\u00bb custom_background=\u00bb#fbf3b8&#8243; i_custom_color=\u00bb#001240&#8243; custom_text=\u00bb#a8a8a8&#8243; css=\u00bb.vc_custom_1704128453721{padding-top: 0px !important;padding-right: 0px !important;padding-bottom: 0px !important;padding-left: 0px !important;}\u00bb h2_link=\u00bburl:https%3A%2F%2Fsimoni.com%2Faria-compressa%2Fsoffianti%2Frichiesta-offerta-soffianti-aria-compressa%2F|title:Richiesta%20offerta|target:_blank\u00bb i_link=\u00bburl:https%3A%2F%2Fsimoni.com%2Faria-compressa%2Fsoffianti%2Frichiesta-offerta-soffianti-aria-compressa%2F|title:Solicitud%20de%20oferta|target:_blank|\u00bb]<\/p>\n<h4><a href=\"https:\/\/simoni.com\/aria-compressa\/soffianti\/richiesta-offerta-soffianti-aria-compressa\/\" target=\"_blank\" rel=\"noopener\">Sopladores<\/a><\/h4>\n<p>[\/vc_cta][vc_separator color=\u00bbcustom\u00bb accent_color=\u00bbrgba(32,32,32,0.1)\u00bb][vc_cta h2=\u00bb\u00bb h2_font_container=\u00bbtag:h4|text_align:left\u00bb h2_use_theme_fonts=\u00bbyes\u00bb shape=\u00bbsquare\u00bb style=\u00bbcustom\u00bb add_icon=\u00bbright\u00bb i_type=\u00bbentypo\u00bb i_icon_entypo=\u00bbentypo-icon entypo-icon-right-open\u00bb i_color=\u00bbcustom\u00bb i_size=\u00bblg\u00bb i_css_animation=\u00bbfadeInLeft\u00bb use_custom_fonts_h2=\u00bbtrue\u00bb i_on_border=\u00bbtrue\u00bb custom_background=\u00bb#fbf3b8&#8243; i_custom_color=\u00bb#001240&#8243; custom_text=\u00bb#a8a8a8&#8243; css=\u00bb.vc_custom_1704128584691{padding-top: 0px !important;padding-right: 0px !important;padding-bottom: 0px !important;padding-left: 0px !important;}\u00bb h2_link=\u00bburl:https%3A%2F%2Fsimoni.com%2Faria-compressa%2Ftrasportatori-ad-aria%2Frichiesta-offerta-trasportatori-aria%2F|title:Richiesta%20offerta|target:_blank\u00bb i_link=\u00bburl:https%3A%2F%2Fsimoni.com%2Faria-compressa%2Ftrasportatori-ad-aria%2Frichiesta-offerta-trasportatori-aria%2F|title:Solicitud%20de%20oferta|target:_blank|\u00bb]<\/p>\n<h4><a href=\"https:\/\/simoni.com\/aria-compressa\/trasportatori-ad-aria\/richiesta-offerta-trasportatori-aria\/\" target=\"_blank\" rel=\"noopener\">Transportadores de aire<\/a><\/h4>\n<p>[\/vc_cta][vc_separator color=\u00bbcustom\u00bb accent_color=\u00bbrgba(32,32,32,0.1)\u00bb][vc_cta h2=\u00bb\u00bb h2_font_container=\u00bbtag:h4|text_align:left\u00bb h2_use_theme_fonts=\u00bbyes\u00bb shape=\u00bbsquare\u00bb style=\u00bbcustom\u00bb add_icon=\u00bbright\u00bb i_type=\u00bbentypo\u00bb i_icon_entypo=\u00bbentypo-icon entypo-icon-right-open\u00bb i_color=\u00bbcustom\u00bb i_size=\u00bblg\u00bb i_css_animation=\u00bbfadeInLeft\u00bb use_custom_fonts_h2=\u00bbtrue\u00bb i_on_border=\u00bbtrue\u00bb custom_background=\u00bb#fbf3b8&#8243; i_custom_color=\u00bb#001240&#8243; custom_text=\u00bb#a8a8a8&#8243; css=\u00bb.vc_custom_1704128712849{padding-top: 0px !important;padding-right: 0px !important;padding-bottom: 0px !important;padding-left: 0px !important;}\u00bb h2_link=\u00bburl:https%3A%2F%2Fsimoni.com%2Faria-compressa%2Faccessori-aria-compressa%2Frichiesta-offerta-accessori-aria-compressa%2F|title:Richiesta%20offerta|target:_blank\u00bb i_link=\u00bburl:https%3A%2F%2Fsimoni.com%2Faria-compressa%2Faccessori-aria-compressa%2Frichiesta-offerta-accessori-aria-compressa%2F|title:Solicitud%20de%20oferta|target:_blank|\u00bb]<\/p>\n<h4><a href=\"https:\/\/simoni.com\/aria-compressa\/accessori-aria-compressa\/richiesta-offerta-accessori-aria-compressa\/\" target=\"_blank\" rel=\"noopener\">Accesorios para aire comprimido<\/a><\/h4>\n<p>[\/vc_cta][vc_separator color=\u00bbcustom\u00bb accent_color=\u00bbrgba(32,32,32,0.1)\u00bb][\/vc_column][\/vc_row][vc_row gap=\u00bb10&#8243; equal_height=\u00bbyes\u00bb][vc_column width=\u00bb1\/2&#8243; offset=\u00bbvc_hidden-lg vc_hidden-md vc_hidden-sm\u00bb][vc_column_text]<\/p>\n<h3><span style=\"color: #001240;\">\u00bfDesea solicitar una oferta?<\/span><\/h3>\n<p><span style=\"color: #001240;\">Seleccione para qu\u00e9 producto desea solicitar m\u00e1s informaci\u00f3n<\/span>[\/vc_column_text][\/vc_column][vc_column width=\u00bb1\/2&#8243; css=\u00bb.vc_custom_1643748922321{margin-top: 0px !important;margin-right: 0px !important;margin-bottom: 0px !important;margin-left: 0px !important;padding-top: 0px !important;padding-right: 0px !important;padding-bottom: 0px !important;padding-left: 0px !important;}\u00bb offset=\u00bbvc_hidden-lg vc_hidden-md vc_hidden-sm\u00bb][vc_separator color=\u00bbcustom\u00bb accent_color=\u00bbrgba(32,32,32,0.1)\u00bb][vc_cta h2=\u00bb\u00bb h2_font_container=\u00bbtag:h4|text_align:left\u00bb h2_use_theme_fonts=\u00bbyes\u00bb shape=\u00bbsquare\u00bb style=\u00bbcustom\u00bb add_icon=\u00bbright\u00bb i_type=\u00bbentypo\u00bb i_icon_entypo=\u00bbentypo-icon entypo-icon-right-open\u00bb i_color=\u00bbcustom\u00bb i_size=\u00bblg\u00bb i_css_animation=\u00bbfadeInLeft\u00bb use_custom_fonts_h2=\u00bbtrue\u00bb i_on_border=\u00bbtrue\u00bb custom_background=\u00bb#fbf3b8&#8243; i_custom_color=\u00bb#001240&#8243; custom_text=\u00bb#a8a8a8&#8243; css=\u00bb.vc_custom_1704127024123{padding-top: 0px !important;padding-right: 0px !important;padding-bottom: 0px !important;padding-left: 0px !important;}\u00bb h2_link=\u00bburl:https%3A%2F%2Fsimoni.com%2Faria-compressa%2Fraffreddatori%2Frichiedi-offerta-raffreddatori%2F|title:Richiesta%20offerta|target:_blank\u00bb i_link=\u00bburl:https%3A%2F%2Fsimoni.com%2Faria-compressa%2Fraffreddatori%2Frichiedi-offerta-raffreddatori%2F|title:Solicitud%20de%20oferta|target:_blank|\u00bb]<\/p>\n<h5><a href=\"https:\/\/simoni.com\/aria-compressa\/raffreddatori\/richiedi-offerta-raffreddatori\/\" target=\"_blank\" rel=\"noopener\">Refrigeradores<\/a><\/h5>\n<p>[\/vc_cta][vc_separator color=\u00bbcustom\u00bb accent_color=\u00bbrgba(32,32,32,0.1)\u00bb][vc_cta h2=\u00bb\u00bb h2_font_container=\u00bbtag:h4|text_align:left\u00bb h2_use_theme_fonts=\u00bbyes\u00bb shape=\u00bbsquare\u00bb style=\u00bbcustom\u00bb add_icon=\u00bbright\u00bb i_type=\u00bbentypo\u00bb i_icon_entypo=\u00bbentypo-icon entypo-icon-right-open\u00bb i_color=\u00bbcustom\u00bb i_size=\u00bblg\u00bb i_css_animation=\u00bbfadeInLeft\u00bb use_custom_fonts_h2=\u00bbtrue\u00bb i_on_border=\u00bbtrue\u00bb custom_background=\u00bb#fbf3b8&#8243; i_custom_color=\u00bb#001240&#8243; custom_text=\u00bb#a8a8a8&#8243; css=\u00bb.vc_custom_1704128492567{padding-top: 0px !important;padding-right: 0px !important;padding-bottom: 0px !important;padding-left: 0px !important;}\u00bb h2_link=\u00bburl:https%3A%2F%2Fsimoni.com%2Faria-compressa%2Fsoffianti%2Frichiesta-offerta-soffianti-aria-compressa%2F|title:Richiesta%20offerta|target:_blank\u00bb i_link=\u00bburl:https%3A%2F%2Fsimoni.com%2Faria-compressa%2Fsoffianti%2Frichiesta-offerta-soffianti-aria-compressa%2F|title:Solicitud%20de%20oferta|target:_blank|\u00bb]<\/p>\n<h5><a href=\"https:\/\/simoni.com\/aria-compressa\/soffianti\/richiesta-offerta-soffianti-aria-compressa\/\" target=\"_blank\" rel=\"noopener\">Sopladores<\/a><\/h5>\n<p>[\/vc_cta][vc_separator color=\u00bbcustom\u00bb accent_color=\u00bbrgba(32,32,32,0.1)\u00bb][vc_cta h2=\u00bb\u00bb h2_font_container=\u00bbtag:h4|text_align:left\u00bb h2_use_theme_fonts=\u00bbyes\u00bb shape=\u00bbsquare\u00bb style=\u00bbcustom\u00bb add_icon=\u00bbright\u00bb i_type=\u00bbentypo\u00bb i_icon_entypo=\u00bbentypo-icon entypo-icon-right-open\u00bb i_color=\u00bbcustom\u00bb i_size=\u00bblg\u00bb i_css_animation=\u00bbfadeInLeft\u00bb use_custom_fonts_h2=\u00bbtrue\u00bb i_on_border=\u00bbtrue\u00bb custom_background=\u00bb#fbf3b8&#8243; i_custom_color=\u00bb#001240&#8243; custom_text=\u00bb#a8a8a8&#8243; css=\u00bb.vc_custom_1704128627597{padding-top: 0px !important;padding-right: 0px !important;padding-bottom: 0px !important;padding-left: 0px !important;}\u00bb h2_link=\u00bburl:https%3A%2F%2Fsimoni.com%2Faria-compressa%2Ftrasportatori-ad-aria%2Frichiesta-offerta-trasportatori-aria%2F|title:Richiesta%20offerta|target:_blank\u00bb i_link=\u00bburl:https%3A%2F%2Fsimoni.com%2Faria-compressa%2Ftrasportatori-ad-aria%2Frichiesta-offerta-trasportatori-aria%2F|title:Solicitud%20de%20oferta|target:_blank|\u00bb]<\/p>\n<h5><a href=\"https:\/\/simoni.com\/aria-compressa\/trasportatori-ad-aria\/richiesta-offerta-trasportatori-aria\/\" target=\"_blank\" rel=\"noopener\">Transportadores de aire<\/a><\/h5>\n<p>[\/vc_cta][vc_separator color=\u00bbcustom\u00bb accent_color=\u00bbrgba(32,32,32,0.1)\u00bb][vc_cta h2=\u00bb\u00bb h2_font_container=\u00bbtag:h4|text_align:left\u00bb h2_use_theme_fonts=\u00bbyes\u00bb shape=\u00bbsquare\u00bb style=\u00bbcustom\u00bb add_icon=\u00bbright\u00bb i_type=\u00bbentypo\u00bb i_icon_entypo=\u00bbentypo-icon entypo-icon-right-open\u00bb i_color=\u00bbcustom\u00bb i_size=\u00bblg\u00bb i_css_animation=\u00bbfadeInLeft\u00bb use_custom_fonts_h2=\u00bbtrue\u00bb i_on_border=\u00bbtrue\u00bb custom_background=\u00bb#fbf3b8&#8243; i_custom_color=\u00bb#001240&#8243; custom_text=\u00bb#a8a8a8&#8243; css=\u00bb.vc_custom_1704128744713{padding-top: 0px !important;padding-right: 0px !important;padding-bottom: 0px !important;padding-left: 0px !important;}\u00bb h2_link=\u00bburl:https%3A%2F%2Fsimoni.com%2Faria-compressa%2Faccessori-aria-compressa%2Frichiesta-offerta-accessori-aria-compressa%2F|title:Richiesta%20offerta|target:_blank\u00bb i_link=\u00bburl:https%3A%2F%2Fsimoni.com%2Faria-compressa%2Faccessori-aria-compressa%2Frichiesta-offerta-accessori-aria-compressa%2F|title:Solicitud%20de%20oferta|target:_blank|\u00bb]<\/p>\n<h5><a href=\"https:\/\/simoni.com\/aria-compressa\/accessori-aria-compressa\/richiesta-offerta-accessori-aria-compressa\/\" target=\"_blank\" rel=\"noopener\">Accesorios para aire comprimido<\/a><\/h5>\n<p>[\/vc_cta][vc_separator color=\u00bbcustom\u00bb accent_color=\u00bbrgba(32,32,32,0.1)\u00bb][\/vc_column][\/vc_row][vc_row][\/vc_row][vc_column][\/vc_column][vc_column_text][\/vc_column_text][\/vc_section][vc_row][vc_column][vc_empty_space height=\u00bb50px\u00bb][\/vc_column][\/vc_row]<\/p>\n<\/section>","protected":false},"excerpt":{"rendered":"<p>[vc_row css=\u00bb.vc_custom_1684360947788{margin-top: 15px !important;}\u00bb][vc_column width=\u00bb1\/2&#8243;][vc_column_text css=\u00bb.vc_custom_1684360744389{margin-top: 40px !important;}\u00bb] Aire comprimido [\/vc_column_text][vc_column_text] Simoni tiene los derechos exclusivos para Italia de los productos de tecnolog\u00eda de aire comprimido<span class=\"excerpt-hellip\"> [\u2026]<\/span><\/p>\n","protected":false},"author":1,"featured_media":0,"parent":0,"menu_order":0,"comment_status":"closed","ping_status":"closed","template":"","meta":{"footnotes":""},"class_list":["post-4764","page","type-page","status-publish","hentry"],"yoast_head":"<!-- This site is optimized with the Yoast SEO plugin v25.6 - https:\/\/yoast.com\/wordpress\/plugins\/seo\/ -->\n<title>Aire comprimido - Simoni s.r.l.<\/title>\n<meta name=\"robots\" content=\"index, follow, max-snippet:-1, max-image-preview:large, max-video-preview:-1\" \/>\n<link rel=\"canonical\" href=\"https:\/\/simoni.com\/es\/aire-comprimido\/\" \/>\n<meta property=\"og:locale\" content=\"es_ES\" \/>\n<meta property=\"og:type\" content=\"article\" \/>\n<meta property=\"og:title\" content=\"Aire comprimido - Simoni s.r.l.\" \/>\n<meta property=\"og:description\" content=\"[vc_row css=\u00bb.vc_custom_1684360947788{margin-top: 15px !important;}\u00bb][vc_column width=\u00bb1\/2&#8243;][vc_column_text css=\u00bb.vc_custom_1684360744389{margin-top: 40px !important;}\u00bb] Aire comprimido [\/vc_column_text][vc_column_text] Simoni tiene los derechos exclusivos para Italia de los productos de tecnolog\u00eda de aire comprimido [\u2026]\" \/>\n<meta property=\"og:url\" content=\"https:\/\/simoni.com\/es\/aire-comprimido\/\" \/>\n<meta property=\"og:site_name\" content=\"Simoni s.r.l.\" \/>\n<meta property=\"article:publisher\" content=\"https:\/\/www.facebook.com\/people\/Simoni-srl\/100049145208660\/?ref=tn_tnmn\" \/>\n<meta property=\"article:modified_time\" content=\"2024-02-03T19:23:00+00:00\" \/>\n<meta name=\"twitter:card\" content=\"summary_large_image\" \/>\n<meta name=\"twitter:label1\" content=\"Tiempo de lectura\" \/>\n\t<meta name=\"twitter:data1\" content=\"10 minutos\" \/>\n<script type=\"application\/ld+json\" class=\"yoast-schema-graph\">{\"@context\":\"https:\/\/schema.org\",\"@graph\":[{\"@type\":\"WebPage\",\"@id\":\"https:\/\/simoni.com\/es\/aire-comprimido\/\",\"url\":\"https:\/\/simoni.com\/es\/aire-comprimido\/\",\"name\":\"Aire comprimido - Simoni s.r.l.\",\"isPartOf\":{\"@id\":\"https:\/\/simoni.com\/#website\"},\"datePublished\":\"2023-05-17T21:53:26+00:00\",\"dateModified\":\"2024-02-03T19:23:00+00:00\",\"breadcrumb\":{\"@id\":\"https:\/\/simoni.com\/es\/aire-comprimido\/#breadcrumb\"},\"inLanguage\":\"es\",\"potentialAction\":[{\"@type\":\"ReadAction\",\"target\":[\"https:\/\/simoni.com\/es\/aire-comprimido\/\"]}]},{\"@type\":\"BreadcrumbList\",\"@id\":\"https:\/\/simoni.com\/es\/aire-comprimido\/#breadcrumb\",\"itemListElement\":[{\"@type\":\"ListItem\",\"position\":1,\"name\":\"Home\",\"item\":\"https:\/\/simoni.com\/es\/\"},{\"@type\":\"ListItem\",\"position\":2,\"name\":\"Aire comprimido\"}]},{\"@type\":\"WebSite\",\"@id\":\"https:\/\/simoni.com\/#website\",\"url\":\"https:\/\/simoni.com\/\",\"name\":\"Simoni s.r.l.\",\"description\":\"From brushes to cleaning systems since 1830\",\"publisher\":{\"@id\":\"https:\/\/simoni.com\/#organization\"},\"potentialAction\":[{\"@type\":\"SearchAction\",\"target\":{\"@type\":\"EntryPoint\",\"urlTemplate\":\"https:\/\/simoni.com\/?s={search_term_string}\"},\"query-input\":{\"@type\":\"PropertyValueSpecification\",\"valueRequired\":true,\"valueName\":\"search_term_string\"}}],\"inLanguage\":\"es\"},{\"@type\":\"Organization\",\"@id\":\"https:\/\/simoni.com\/#organization\",\"name\":\"Simoni s.r.l.\",\"url\":\"https:\/\/simoni.com\/\",\"logo\":{\"@type\":\"ImageObject\",\"inLanguage\":\"es\",\"@id\":\"https:\/\/simoni.com\/#\/schema\/logo\/image\/\",\"url\":\"https:\/\/simoni.com\/wp-content\/uploads\/2023\/05\/logo-completo-300x93-1.png\",\"contentUrl\":\"https:\/\/simoni.com\/wp-content\/uploads\/2023\/05\/logo-completo-300x93-1.png\",\"width\":300,\"height\":93,\"caption\":\"Simoni s.r.l.\"},\"image\":{\"@id\":\"https:\/\/simoni.com\/#\/schema\/logo\/image\/\"},\"sameAs\":[\"https:\/\/www.facebook.com\/people\/Simoni-srl\/100049145208660\/?ref=tn_tnmn\",\"https:\/\/www.youtube.com\/channel\/UCme_poqaWKouYeYnmn0csOg\",\"https:\/\/www.linkedin.com\/company\/simonispazzoleindustriali\/\"]}]}<\/script>\n<!-- \/ Yoast SEO plugin. -->","yoast_head_json":{"title":"Aire comprimido - Simoni s.r.l.","robots":{"index":"index","follow":"follow","max-snippet":"max-snippet:-1","max-image-preview":"max-image-preview:large","max-video-preview":"max-video-preview:-1"},"canonical":"https:\/\/simoni.com\/es\/aire-comprimido\/","og_locale":"es_ES","og_type":"article","og_title":"Aire comprimido - Simoni s.r.l.","og_description":"[vc_row css=\u00bb.vc_custom_1684360947788{margin-top: 15px !important;}\u00bb][vc_column width=\u00bb1\/2&#8243;][vc_column_text css=\u00bb.vc_custom_1684360744389{margin-top: 40px !important;}\u00bb] Aire comprimido [\/vc_column_text][vc_column_text] Simoni tiene los derechos exclusivos para Italia de los productos de tecnolog\u00eda de aire comprimido [\u2026]","og_url":"https:\/\/simoni.com\/es\/aire-comprimido\/","og_site_name":"Simoni s.r.l.","article_publisher":"https:\/\/www.facebook.com\/people\/Simoni-srl\/100049145208660\/?ref=tn_tnmn","article_modified_time":"2024-02-03T19:23:00+00:00","twitter_card":"summary_large_image","twitter_misc":{"Tiempo de lectura":"10 minutos"},"schema":{"@context":"https:\/\/schema.org","@graph":[{"@type":"WebPage","@id":"https:\/\/simoni.com\/es\/aire-comprimido\/","url":"https:\/\/simoni.com\/es\/aire-comprimido\/","name":"Aire comprimido - Simoni s.r.l.","isPartOf":{"@id":"https:\/\/simoni.com\/#website"},"datePublished":"2023-05-17T21:53:26+00:00","dateModified":"2024-02-03T19:23:00+00:00","breadcrumb":{"@id":"https:\/\/simoni.com\/es\/aire-comprimido\/#breadcrumb"},"inLanguage":"es","potentialAction":[{"@type":"ReadAction","target":["https:\/\/simoni.com\/es\/aire-comprimido\/"]}]},{"@type":"BreadcrumbList","@id":"https:\/\/simoni.com\/es\/aire-comprimido\/#breadcrumb","itemListElement":[{"@type":"ListItem","position":1,"name":"Home","item":"https:\/\/simoni.com\/es\/"},{"@type":"ListItem","position":2,"name":"Aire comprimido"}]},{"@type":"WebSite","@id":"https:\/\/simoni.com\/#website","url":"https:\/\/simoni.com\/","name":"Simoni s.r.l.","description":"From brushes to cleaning systems since 1830","publisher":{"@id":"https:\/\/simoni.com\/#organization"},"potentialAction":[{"@type":"SearchAction","target":{"@type":"EntryPoint","urlTemplate":"https:\/\/simoni.com\/?s={search_term_string}"},"query-input":{"@type":"PropertyValueSpecification","valueRequired":true,"valueName":"search_term_string"}}],"inLanguage":"es"},{"@type":"Organization","@id":"https:\/\/simoni.com\/#organization","name":"Simoni s.r.l.","url":"https:\/\/simoni.com\/","logo":{"@type":"ImageObject","inLanguage":"es","@id":"https:\/\/simoni.com\/#\/schema\/logo\/image\/","url":"https:\/\/simoni.com\/wp-content\/uploads\/2023\/05\/logo-completo-300x93-1.png","contentUrl":"https:\/\/simoni.com\/wp-content\/uploads\/2023\/05\/logo-completo-300x93-1.png","width":300,"height":93,"caption":"Simoni s.r.l."},"image":{"@id":"https:\/\/simoni.com\/#\/schema\/logo\/image\/"},"sameAs":["https:\/\/www.facebook.com\/people\/Simoni-srl\/100049145208660\/?ref=tn_tnmn","https:\/\/www.youtube.com\/channel\/UCme_poqaWKouYeYnmn0csOg","https:\/\/www.linkedin.com\/company\/simonispazzoleindustriali\/"]}]}},"_links":{"self":[{"href":"https:\/\/simoni.com\/es\/wp-json\/wp\/v2\/pages\/4764","targetHints":{"allow":["GET"]}}],"collection":[{"href":"https:\/\/simoni.com\/es\/wp-json\/wp\/v2\/pages"}],"about":[{"href":"https:\/\/simoni.com\/es\/wp-json\/wp\/v2\/types\/page"}],"author":[{"embeddable":true,"href":"https:\/\/simoni.com\/es\/wp-json\/wp\/v2\/users\/1"}],"replies":[{"embeddable":true,"href":"https:\/\/simoni.com\/es\/wp-json\/wp\/v2\/comments?post=4764"}],"version-history":[{"count":3,"href":"https:\/\/simoni.com\/es\/wp-json\/wp\/v2\/pages\/4764\/revisions"}],"predecessor-version":[{"id":4767,"href":"https:\/\/simoni.com\/es\/wp-json\/wp\/v2\/pages\/4764\/revisions\/4767"}],"wp:attachment":[{"href":"https:\/\/simoni.com\/es\/wp-json\/wp\/v2\/media?parent=4764"}],"curies":[{"name":"wp","href":"https:\/\/api.w.org\/{rel}","templated":true}]}}