{"id":5168,"date":"2023-04-29T22:42:34","date_gmt":"2023-04-29T20:42:34","guid":{"rendered":"https:\/\/simoni.com\/privacy-policy-2\/"},"modified":"2024-02-10T16:21:09","modified_gmt":"2024-02-10T15:21:09","slug":"privacy-policy-2","status":"publish","type":"page","link":"https:\/\/simoni.com\/es\/privacy-policy-2\/","title":{"rendered":"Privacy Policy"},"content":{"rendered":"<section class=\"wpb-content-wrapper\"><p>[vc_row][vc_column][vc_column_text]<\/p>\n&#13;\n<h2 class=\"wp-block-heading\">Privacy Policy<\/h2>&#13;\n<hr\/>&#13;\n<h4>\u00cdndice<\/h4>&#13;\n<ol>&#13;\n<li><em>Titolare del trattamento<\/em><\/li>&#13;\n<li><em>Finalit\u00e0 del trattamento<\/em><\/li>&#13;\n<li><em>Basi giuridiche dei trattamenti<\/em><\/li>&#13;\n<li>Periodo di conservazione dei dati personali<\/li>&#13;\n<li><em>Dati personali oggetto di trattamento<\/em><\/li>&#13;\n<li><em>Obbligatoriet\u00e0 del conferimento dei dati<\/em><\/li>&#13;\n<li><em>Destinatari dei dati<\/em><\/li>&#13;\n<li><em>Diffusione e trasferimento dei dati<\/em><\/li>&#13;\n<li><em>Interazioni con social networks e piattaforme esterne<\/em><\/li>&#13;\n<li><em>Diritti degli interessati al trattamento di dati personali<\/em><\/li>&#13;\n<li><em>Reclamo all\u2019autorit\u00e0 di controllo<\/em><\/li>&#13;\n<li><em>Profilazione<\/em><\/li>&#13;\n<\/ol>&#13;\n<p>\u00a0<\/p>&#13;\n<h5><em>(Art. 13 del Reglamento UE 679\/2016)<\/em><\/h5>&#13;\n<p><em><\/em><\/p><p><\/em> <em><\/p>\nAi sensi dell\u2019art. 13 del Regolamento UE 679\/2016 (in seguito chiamato GDPR) in materia di protezione dei dati personali, Simoni Srl la informa che i dati personali raccolti, con riferimento ai rapporti contrattuali instaurati o alle semplici richieste di informazioni, formeranno oggetto di trattamento nel rispetto della normativa sopra citata.\r\n&#13;\n<p>En relaci\u00f3n con el tratamiento mencionado, Simoni Srl tambi\u00e9n facilita la siguiente informaci\u00f3n: <\/p>&#13;\n<h3><strong>1. TITOLARE DEL TRATTAMENTO<\/strong><\/h3>&#13;\n<p>El responsable del tratamiento de los datos es Simoni Srl. La funci\u00f3n de Encargado del Tratamiento ha sido asignada a <strong>Franco Simoni<\/strong>, con quien el interesado podr\u00e1 ponerse en contacto en cualquier momento, utilizando uno de los m\u00e9todos descritos en las p\u00e1ginas del sitio (por ejemplo, correo electr\u00f3nico <a href=\"mailto:simoni1@simoni.com\">simoni1@simoni.com)<\/a>, para ejercer los derechos establecidos en el art\u00edculo 13.2 letras b, c, d. <strong>1.1 Denominaci\u00f3n social<\/strong> Simoni Srl <strong>1.2 Sede social<\/strong> <strong><a href=\"https:\/\/goo.gl\/maps\/7rK6GXzZAEu1M29fA\" target=\"_blank\" rel=\"noreferrer noopener\">Via Lazio n\u00b0 2, 40069 Zola Predosa (BO) Italia<\/a><\/strong> <strong>1.3 N\u00famero de tel\u00e9fono y direcci\u00f3n de correo electr\u00f3nico<\/strong> <strong>Tel\u00e9fono<\/strong> <a href=\"tel:+39%20051%20751249\" target=\"_blank\" rel=\"noreferrer noopener\">+39 051 75124<\/a> <strong>Fax<\/strong> +39 051 752572 <strong>E-mail<\/strong> <a href=\"mailto:simoni1@simoni.com\" target=\"_blank\" rel=\"noreferrer noopener\">simoni1@simoni.com<\/a> <strong>1.4 Responsable de protecci\u00f3n de datos<\/strong> <a href=\"mailto:simoni1@simoni.com\" target=\"_blank\" rel=\"noreferrer noopener\">simoni1@simoni.com<\/a>  <\/p>&#13;\n<h3><strong>2. FINALIT\u00c0 DEL TRATTAMENTO<\/strong><\/h3>&#13;\n<p>Los fines del tratamiento de datos personales son los siguientes: 1) Cumplimiento de las obligaciones legales derivadas de la relaci\u00f3n contractual; 2) gesti\u00f3n organizativa de la relaci\u00f3n contractual; 3) satisfacer la solicitud recibida; los datos personales se tratar\u00e1n en papel, de forma informatizada y telem\u00e1tica, y se introducir\u00e1n en las bases de datos pertinentes, a las que s\u00f3lo podr\u00e1n acceder el responsable del tratamiento y las personas que \u00e9ste designe. Por lo que respecta a los datos tratados en formato electr\u00f3nico, se hace hincapi\u00e9 en que se han adoptado todas las medidas de seguridad adecuadas para proteger los derechos, libertades e intereses leg\u00edtimos del interesado, de conformidad con el art\u00edculo 22.3 del RGPD. 2.<strong>1 Estad\u00edsticas<\/strong> Supervisar, mediante cookies, la interacci\u00f3n de los usuarios con el sitio, con el fin de mejorar el funcionamiento del sitio y garantizar su correcto funcionamiento. 2.2<strong>Funcionamiento del sitio<\/strong> El acceso al sitio implica la transmisi\u00f3n de datos impl\u00edcita en el uso de protocolos de comunicaci\u00f3n en la web, dichos datos pueden permitir la identificaci\u00f3n del usuario. Estos datos se tratan durante el tiempo estrictamente necesario y con el \u00fanico fin de elaborar estad\u00edsticas sobre el uso del sitio y comprobar su correcto funcionamiento. El suministro de estos datos es necesario, ya que est\u00e1n directamente relacionados con la navegaci\u00f3n web. <\/p>&#13;\n<h3><strong>3. BASI GIURIDICHE DEI TRATTAMENTI<\/strong><\/h3>&#13;\n<p><strong>3.1 Estad\u00edsticas<\/strong> <strong>Consentimiento<\/strong> (opcional y siempre revocable) a las cookies pertinentes. <strong>3.2 Funcionamiento del sitio<\/strong> <strong>Inter\u00e9s leg\u00edtimo del responsable del tratamiento.<\/strong>  <\/p>&#13;\n<h3><strong>4. PERIODO DI CONSERVAZIONE DEI DATI PERSONALI<\/strong><\/h3>&#13;\n<p>Al finalizar la ejecuci\u00f3n, la prestaci\u00f3n del servicio o la respuesta, los datos personales se conservar\u00e1n \u00fanicamente con fines hist\u00f3ricos o estad\u00edsticos, de conformidad con la ley, los reglamentos, la legislaci\u00f3n de la UE y los c\u00f3digos \u00e9ticos y de buena conducta suscritos de conformidad con el art\u00edculo 40 del GDPR, durante un per\u00edodo conforme a la legislaci\u00f3n vigente (normalmente 10 a\u00f1os) o, si no est\u00e1n sujetos a ninguna ley, durante un per\u00edodo no superior a cinco a\u00f1os. Transcurrido este plazo, los datos personales se conservar\u00e1n de forma an\u00f3nima o se destruir\u00e1n. <strong>4.1 Estad\u00edsticas<\/strong> Los datos se conservar\u00e1n durante un periodo no superior a la consecuci\u00f3n de la finalidad establecida en la secci\u00f3n <strong>2.1<\/strong>, y despu\u00e9s con arreglo a los siguientes criterios:<\/p>&#13;\n<ul>&#13;\n<li>allo<strong>\u00a0scadere dei cookies<\/strong>, secondo quanto previsto nella cookie policy;<\/li>&#13;\n<li>in ogni caso, al momento della\u00a0<strong>revoca del consenso all\u2019installazione di cookies di statistica<\/strong>.<\/li>&#13;\n<\/ul>&#13;\n<p>  <strong>4.2 Funcionamiento del sitio<\/strong> Los datos se conservar\u00e1n durante un periodo no superior a la consecuci\u00f3n de la finalidad expuesta en el apartado <strong>2.2<\/strong>, y por tanto de acuerdo con los siguientes criterios:<\/p>&#13;\n<ul>&#13;\n<li>allo<strong>\u00a0scadere dei cookies<\/strong>, secondo quanto previsto nella cookie policy;<\/li>&#13;\n<li>per tutta la\u00a0<strong>durata della sessione di navigazione<\/strong>\u00a0sul sito.<\/li>&#13;\n<\/ul>&#13;\n<p>\u00a0<\/p>&#13;\n<h3><strong>5. DATI PERSONALI OGGETTO DI TRATTAMENTO<\/strong><\/h3>&#13;\n<p><strong>5.1 Estad\u00edstica<\/strong>s Datos <strong>recogidos<\/strong> por las cookies instaladas. <strong>5.2 Funcionamiento del sitio<\/strong> <strong>El acceso al sitio implica la transmisi\u00f3n de datos como impl\u00edcita en el uso de protocolos de comunicaci\u00f3n en la web, tales datos pueden permitir la identificaci\u00f3n del usuario<\/strong>Entre ellos figuran la direcci\u00f3n IP y los nombres de dominio de los ordenadores utilizados para la conexi\u00f3n, las direcciones URL (Identificador Uniforme de Recursos) de las solicitudes, las horas de las solicitudes, el m\u00e9todo utilizado para enviar la solicitud al servidor, el tama\u00f1o de los archivos obtenidos como respuesta, el c\u00f3digo num\u00e9rico que indica el estado de la respuesta y otros par\u00e1metros relativos al sistema operativo, el navegador y el entorno inform\u00e1tico utilizados por el usuario. Los datos personales recogidos, con su consentimiento libre y expreso, est\u00e1n relacionados con &#8211; datos de identificaci\u00f3n (por ejemplo, nombre, apellidos, direcci\u00f3n, tel\u00e9fono, fax, correo electr\u00f3nico, etc.) &#8211; datos fiscales (si lo exige la ley &#8211; por ejemplo, c\u00f3digo fiscal, n\u00famero de IVA, etc.) <\/p>&#13;\n<h3><strong>6. OBBLIGATORIET\u00c0 DEL CONFERIMENTO DEI DATI<\/strong><\/h3>&#13;\n<p>El suministro de datos y su tratamiento son obligatorios en relaci\u00f3n con los fines relativos a las obligaciones fiscales; de ello se desprende que cualquier negativa a suministrar datos para tales fines puede dar lugar a la imposibilidad del responsable del tratamiento de llevar a cabo las relaciones profesionales y las obligaciones legales en cuesti\u00f3n. El suministro de datos y su tratamiento es facultativo en los dem\u00e1s casos, sin consecuencias. <strong>6.1 Estad\u00edsticas<\/strong> El suministro de datos es facultativo. En su defecto, no se analizar\u00e1n los datos estad\u00edsticos. <strong>6.2 Funcionamiento del sitio<\/strong> <em>El suministro de datos es <strong>obligatorio<\/strong> e impl\u00edcito en el uso de protocolos web. Sin ella, no ser\u00e1 posible el funcionamiento del sitio.<\/em>  <\/p>&#13;\n<h3><strong>7. DESTINATARI DEI DATI<\/strong><\/h3>&#13;\n<p>En relaci\u00f3n con las finalidades indicadas en los puntos 1, 2 y 3 del apartado \u00ab2. Finalidades del tratamiento\u00bb, los datos podr\u00e1n comunicarse a las siguientes partes o categor\u00edas de partes indicadas a continuaci\u00f3n:<\/p>&#13;\n<ul>&#13;\n<li>Studi di commercialisti riconosciuti relativi alla professione di assistenza alle aziende quando la comunicazione \u00e8 dovuta per legge, oppure \u00e8 nell&#8217;interesse del soggetto (persona fisica o giuridica);<\/li>&#13;\n<li>Studi di avvocati riconosciuti relativi alla professione di assistenza alle aziende quando la comunicazione \u00e8 dovuta per legge, regolarmente incaricati a tale forma di trattamento nel pieno rispetto delle misure vigenti, o quando la comunicazione \u00e8 nell&#8217;interesse del soggetto.<\/li>&#13;\n<\/ul>&#13;\n<p>El titular tambi\u00e9n declara que no tiene intenci\u00f3n de transferir los datos a un tercer pa\u00eds fuera de la UE o a una organizaci\u00f3n internacional fuera de la UE. <strong>7.1 Tratamiento autorizad<\/strong>o Dentro de los l\u00edmites correspondientes a las finalidades de tratamiento mencionadas, los datos podr\u00e1n comunicarse a <strong>personal interno<\/strong> expresamente autorizado e instruido para tratarlos. <strong>7.2 Encargados del tratamiento<\/strong> Dentro de los l\u00edmites correspondientes a las finalidades de tratamiento mencionadas, los datos podr\u00e1n comunicarse a <strong>proveedores de servicios funcionales al tratamiento<\/strong>, designados como Encargados del Tratamiento y con instrucciones coherentes, como por ejemplo<\/p>&#13;\n<ul>&#13;\n<li>il fornitore del servizio di assistenza informatica,<\/li>&#13;\n<li>il fornitore del servizio di web agency.<\/li>&#13;\n<\/ul>&#13;\n<p>  <strong>7.3 Responsables del tratamiento<\/strong> Los datos podr\u00e1n comunicarse a las <strong>autoridades p\u00fablicas<\/strong> de conformidad con la legislaci\u00f3n aplicable. <\/p>&#13;\n<h3><strong>8. DIFFUSIONE E TRASFERIMENTO DEI DATI<\/strong><\/h3>&#13;\n<p>8.1 No se llevar\u00e1 a cabo la <strong>difusi\u00f3n de los datos<\/strong>. 8.2 Simoni Srl no realizar\u00e1 <strong>transferencias a terceros pa\u00edses<\/strong>. Sin embargo, sigue siendo posible que las plataformas de redes sociales que proporcionan contenidos al sitio (por ejemplo, Facebook, YouTube) transfieran datos a Estados Unidos. Consulte las pol\u00edticas de privacidad de estos \u00faltimos, disponibles en sus respectivas plataformas. <strong>8.3 No se realizar\u00e1n transferencias a organizaciones<\/strong> internacionales. <\/p>&#13;\n<h3><strong>9. INTERAZIONI CON SOCIAL NETWORKS E PIATTAFORME ESTERNE<\/strong><\/h3>&#13;\n<p><strong>9.1 Plug-ins sociales<\/strong> Este tipo de herramienta permite interactuar con redes sociales, u otras plataformas externas, directamente desde las p\u00e1ginas de este sitio web (por ejemplo, el bot\u00f3n con el s\u00edmbolo de Facebook). <strong>9.2 Transmisi\u00f3n de datos<\/strong> Cuando visita una p\u00e1gina de nuestro sitio web e interact\u00faa con el complemento (por ejemplo, haciendo clic en el s\u00edmbolo de Facebook) o decide ver un v\u00eddeo, la informaci\u00f3n correspondiente se transmite desde su navegador directamente a la plataforma de la red social y se almacena all\u00ed. <strong>9.3 Informaci\u00f3n y derechos<\/strong> Para obtener informaci\u00f3n sobre los fines, el tipo y la forma de recogida, tratamiento, uso y almacenamiento de datos personales por parte de la plataforma de la red social, as\u00ed como sobre la forma de ejercer sus derechos, consulte la pol\u00edtica de privacidad adoptada por la red social individual u otra plataforma externa. <\/p>&#13;\n<h3><strong>10. DIRITTI DEGLI INTERESSATI AL TRATTAMENTO DI DATI PERSONALI<\/strong><\/h3>&#13;\n<p><strong>10.1 Derecho de acceso<\/strong> <em>(Art. 15 R.G.P.D.)<\/em> Puede solicitar confirmaci\u00f3n sobre si se est\u00e1n tratando o no datos que le conciernen, as\u00ed como m\u00e1s aclaraciones sobre la informaci\u00f3n expuesta en este aviso, y recibir los datos propiamente dichos, a menos que la devoluci\u00f3n vulnere los derechos y libertades de terceros. <strong>10.2 Derecho de rectificaci\u00f3n<\/strong> <em>(Art. 16 R.G.P.D.)<\/em> Puede pedirnos que rectifiquemos o completemos los datos que nos ha facilitado o que obran en nuestro poder si son inexactos. <strong>10.3 Derecho de anulaci\u00f3n<\/strong> <em>(Art. 17 R.G.P.D.)<\/em> Puede solicitar la supresi\u00f3n de los datos adquiridos o tratados. <strong>10.4 Derecho de limitaci\u00f3n<\/strong> <em>(Art. 18 R.G.P.D.)<\/em> Podr\u00e1 solicitar la limitaci\u00f3n del tratamiento de sus datos personales; en ese caso, los datos no se tratar\u00e1n, salvo para su conservaci\u00f3n, sin su consentimiento, salvo en los casos expl\u00edcitamente indicados en el mismo art\u00edculo en la secci\u00f3n 2. <strong>10.5 Derecho de portabilidad<\/strong> <em>(Art. 20 R.G.P.D.)<\/em> Puede solicitar recibir los datos, o que se transmitan a otro responsable del tratamiento de datos designado, en un formato estructurado, de uso com\u00fan y lectura mec\u00e1nica. <strong>10.6 Derecho de oposici\u00f3n<\/strong> <em>(Art. 21 R.G.P.D.)<\/em> Puede oponerse en cualquier momento al tratamiento de sus datos sobre la base de un inter\u00e9s leg\u00edtimo, a menos que existan motivos leg\u00edtimos para el tratamiento que prevalezcan sobre sus derechos, por ejemplo, para el ejercicio o la defensa de nuestros derechos ante los tribunales; la oposici\u00f3n siempre prevalecer\u00e1 sobre nuestro inter\u00e9s leg\u00edtimo en el tratamiento de los datos con fines de comercializaci\u00f3n. <strong>10.7 Derecho a no ser sometido a procesos automatizados de toma de decisiones<\/strong><em> (Art. 22 R.G.P.D.)<\/em> Puede solicitar que no se le someta a un proceso automatizado de toma de decisiones o incluso a uno basado en la elaboraci\u00f3n de perfiles. <\/p>&#13;\n<h3><strong>11. RECLAMO ALL\u2019AUTORIT\u00c0 DI CONTROLLO<\/strong><\/h3>&#13;\n<p><strong>11.1 Derecho a reclamar<\/strong> <em>(Art. 77 GDPR)<\/em> Podr\u00e1 presentar una reclamaci\u00f3n ante la autoridad de control del Estado miembro en el que resida o trabaje habitualmente o en el que se haya producido la presunta infracci\u00f3n. 11.2<strong>Autoridad de control italiana<\/strong> Garant\u00eda de protecci\u00f3n de datos personales. <strong>11.3 Direcci\u00f3n postal y direcci\u00f3n de correo electr\u00f3nico<\/strong> Piazza Venezia, 11 &#8211; 00187 Roma (RM) <a href=\"mailto:protocollo@pec.gdpd.it\">protocollo@pec.gdpd.it<\/a>  <\/p>&#13;\n<h3><strong>12. PROFILAZIONE<\/strong><\/h3>&#13;\n<p><strong>12.1 Estad\u00edsticas<\/strong> <strong>Se llevar\u00e1 a cabo<\/strong>, s\u00f3lo con el consentimiento previo a las cookies pertinentes. 12.2 <strong>No se llevar\u00e1 a cabo<\/strong> el <strong>funcionamiento del sitio<\/strong>. Para toda la informaci\u00f3n sobre cookies y otras herramientas de seguimiento, consulte la P<a href=\"https:\/\/simoni.com\/cookie-policy\/\">ol\u00edtica de Cookies<\/a> correspondiente. [\/vc_column_text][\/vc_column][\/vc_row][vc_row][vc_column][\/vc_column][\/vc_row]<\/p><\/section>","protected":false},"excerpt":{"rendered":"<p>[vc_row][vc_column][vc_column_text] &#13; Privacy Policy &#13; &#13; \u00cdndice &#13; &#13; Titolare del trattamento &#13; Finalit\u00e0 del trattamento &#13; Basi giuridiche dei trattamenti &#13; Periodo di conservazione dei<span class=\"excerpt-hellip\"> [\u2026]<\/span><\/p>\n","protected":false},"author":1,"featured_media":0,"parent":0,"menu_order":0,"comment_status":"closed","ping_status":"closed","template":"","meta":{"footnotes":""},"class_list":["post-5168","page","type-page","status-publish","hentry"],"yoast_head":"<!-- This site is optimized with the Yoast SEO plugin v25.6 - https:\/\/yoast.com\/wordpress\/plugins\/seo\/ -->\n<title>Privacy Policy - Simoni s.r.l.<\/title>\n<meta name=\"robots\" content=\"index, follow, max-snippet:-1, max-image-preview:large, max-video-preview:-1\" \/>\n<link rel=\"canonical\" href=\"https:\/\/simoni.com\/privacy-policy\/\" \/>\n<meta property=\"og:locale\" content=\"es_ES\" \/>\n<meta property=\"og:type\" content=\"article\" \/>\n<meta property=\"og:title\" content=\"Privacy Policy - Simoni s.r.l.\" \/>\n<meta property=\"og:description\" content=\"[vc_row][vc_column][vc_column_text] &#013; Privacy Policy &#013; &#013; \u00cdndice &#013; &#013; Titolare del trattamento &#013; Finalit\u00e0 del trattamento &#013; Basi giuridiche dei trattamenti &#013; Periodo di conservazione dei [\u2026]\" \/>\n<meta property=\"og:url\" content=\"https:\/\/simoni.com\/privacy-policy\/\" \/>\n<meta property=\"og:site_name\" content=\"Simoni s.r.l.\" \/>\n<meta property=\"article:publisher\" content=\"https:\/\/www.facebook.com\/people\/Simoni-srl\/100049145208660\/?ref=tn_tnmn\" \/>\n<meta property=\"article:modified_time\" content=\"2024-02-10T15:21:09+00:00\" \/>\n<meta name=\"twitter:card\" content=\"summary_large_image\" \/>\n<meta name=\"twitter:label1\" content=\"Tiempo de lectura\" \/>\n\t<meta name=\"twitter:data1\" content=\"10 minutos\" \/>\n<script type=\"application\/ld+json\" class=\"yoast-schema-graph\">{\"@context\":\"https:\/\/schema.org\",\"@graph\":[{\"@type\":\"WebPage\",\"@id\":\"https:\/\/simoni.com\/privacy-policy\/\",\"url\":\"https:\/\/simoni.com\/privacy-policy\/\",\"name\":\"Privacy Policy - Simoni s.r.l.\",\"isPartOf\":{\"@id\":\"https:\/\/simoni.com\/#website\"},\"datePublished\":\"2023-04-29T20:42:34+00:00\",\"dateModified\":\"2024-02-10T15:21:09+00:00\",\"breadcrumb\":{\"@id\":\"https:\/\/simoni.com\/privacy-policy\/#breadcrumb\"},\"inLanguage\":\"es\",\"potentialAction\":[{\"@type\":\"ReadAction\",\"target\":[\"https:\/\/simoni.com\/privacy-policy\/\"]}]},{\"@type\":\"BreadcrumbList\",\"@id\":\"https:\/\/simoni.com\/privacy-policy\/#breadcrumb\",\"itemListElement\":[{\"@type\":\"ListItem\",\"position\":1,\"name\":\"Home\",\"item\":\"https:\/\/simoni.com\/es\/\"},{\"@type\":\"ListItem\",\"position\":2,\"name\":\"Privacy Policy\"}]},{\"@type\":\"WebSite\",\"@id\":\"https:\/\/simoni.com\/#website\",\"url\":\"https:\/\/simoni.com\/\",\"name\":\"Simoni s.r.l.\",\"description\":\"From brushes to cleaning systems since 1830\",\"publisher\":{\"@id\":\"https:\/\/simoni.com\/#organization\"},\"potentialAction\":[{\"@type\":\"SearchAction\",\"target\":{\"@type\":\"EntryPoint\",\"urlTemplate\":\"https:\/\/simoni.com\/?s={search_term_string}\"},\"query-input\":{\"@type\":\"PropertyValueSpecification\",\"valueRequired\":true,\"valueName\":\"search_term_string\"}}],\"inLanguage\":\"es\"},{\"@type\":\"Organization\",\"@id\":\"https:\/\/simoni.com\/#organization\",\"name\":\"Simoni s.r.l.\",\"url\":\"https:\/\/simoni.com\/\",\"logo\":{\"@type\":\"ImageObject\",\"inLanguage\":\"es\",\"@id\":\"https:\/\/simoni.com\/#\/schema\/logo\/image\/\",\"url\":\"https:\/\/simoni.com\/wp-content\/uploads\/2023\/05\/logo-completo-300x93-1.png\",\"contentUrl\":\"https:\/\/simoni.com\/wp-content\/uploads\/2023\/05\/logo-completo-300x93-1.png\",\"width\":300,\"height\":93,\"caption\":\"Simoni s.r.l.\"},\"image\":{\"@id\":\"https:\/\/simoni.com\/#\/schema\/logo\/image\/\"},\"sameAs\":[\"https:\/\/www.facebook.com\/people\/Simoni-srl\/100049145208660\/?ref=tn_tnmn\",\"https:\/\/www.youtube.com\/channel\/UCme_poqaWKouYeYnmn0csOg\",\"https:\/\/www.linkedin.com\/company\/simonispazzoleindustriali\/\"]}]}<\/script>\n<!-- \/ Yoast SEO plugin. -->","yoast_head_json":{"title":"Privacy Policy - Simoni s.r.l.","robots":{"index":"index","follow":"follow","max-snippet":"max-snippet:-1","max-image-preview":"max-image-preview:large","max-video-preview":"max-video-preview:-1"},"canonical":"https:\/\/simoni.com\/privacy-policy\/","og_locale":"es_ES","og_type":"article","og_title":"Privacy Policy - Simoni s.r.l.","og_description":"[vc_row][vc_column][vc_column_text] &#13; Privacy Policy &#13; &#13; \u00cdndice &#13; &#13; Titolare del trattamento &#13; Finalit\u00e0 del trattamento &#13; Basi giuridiche dei trattamenti &#13; Periodo di conservazione dei [\u2026]","og_url":"https:\/\/simoni.com\/privacy-policy\/","og_site_name":"Simoni s.r.l.","article_publisher":"https:\/\/www.facebook.com\/people\/Simoni-srl\/100049145208660\/?ref=tn_tnmn","article_modified_time":"2024-02-10T15:21:09+00:00","twitter_card":"summary_large_image","twitter_misc":{"Tiempo de lectura":"10 minutos"},"schema":{"@context":"https:\/\/schema.org","@graph":[{"@type":"WebPage","@id":"https:\/\/simoni.com\/privacy-policy\/","url":"https:\/\/simoni.com\/privacy-policy\/","name":"Privacy Policy - Simoni s.r.l.","isPartOf":{"@id":"https:\/\/simoni.com\/#website"},"datePublished":"2023-04-29T20:42:34+00:00","dateModified":"2024-02-10T15:21:09+00:00","breadcrumb":{"@id":"https:\/\/simoni.com\/privacy-policy\/#breadcrumb"},"inLanguage":"es","potentialAction":[{"@type":"ReadAction","target":["https:\/\/simoni.com\/privacy-policy\/"]}]},{"@type":"BreadcrumbList","@id":"https:\/\/simoni.com\/privacy-policy\/#breadcrumb","itemListElement":[{"@type":"ListItem","position":1,"name":"Home","item":"https:\/\/simoni.com\/es\/"},{"@type":"ListItem","position":2,"name":"Privacy Policy"}]},{"@type":"WebSite","@id":"https:\/\/simoni.com\/#website","url":"https:\/\/simoni.com\/","name":"Simoni s.r.l.","description":"From brushes to cleaning systems since 1830","publisher":{"@id":"https:\/\/simoni.com\/#organization"},"potentialAction":[{"@type":"SearchAction","target":{"@type":"EntryPoint","urlTemplate":"https:\/\/simoni.com\/?s={search_term_string}"},"query-input":{"@type":"PropertyValueSpecification","valueRequired":true,"valueName":"search_term_string"}}],"inLanguage":"es"},{"@type":"Organization","@id":"https:\/\/simoni.com\/#organization","name":"Simoni s.r.l.","url":"https:\/\/simoni.com\/","logo":{"@type":"ImageObject","inLanguage":"es","@id":"https:\/\/simoni.com\/#\/schema\/logo\/image\/","url":"https:\/\/simoni.com\/wp-content\/uploads\/2023\/05\/logo-completo-300x93-1.png","contentUrl":"https:\/\/simoni.com\/wp-content\/uploads\/2023\/05\/logo-completo-300x93-1.png","width":300,"height":93,"caption":"Simoni s.r.l."},"image":{"@id":"https:\/\/simoni.com\/#\/schema\/logo\/image\/"},"sameAs":["https:\/\/www.facebook.com\/people\/Simoni-srl\/100049145208660\/?ref=tn_tnmn","https:\/\/www.youtube.com\/channel\/UCme_poqaWKouYeYnmn0csOg","https:\/\/www.linkedin.com\/company\/simonispazzoleindustriali\/"]}]}},"_links":{"self":[{"href":"https:\/\/simoni.com\/es\/wp-json\/wp\/v2\/pages\/5168","targetHints":{"allow":["GET"]}}],"collection":[{"href":"https:\/\/simoni.com\/es\/wp-json\/wp\/v2\/pages"}],"about":[{"href":"https:\/\/simoni.com\/es\/wp-json\/wp\/v2\/types\/page"}],"author":[{"embeddable":true,"href":"https:\/\/simoni.com\/es\/wp-json\/wp\/v2\/users\/1"}],"replies":[{"embeddable":true,"href":"https:\/\/simoni.com\/es\/wp-json\/wp\/v2\/comments?post=5168"}],"version-history":[{"count":3,"href":"https:\/\/simoni.com\/es\/wp-json\/wp\/v2\/pages\/5168\/revisions"}],"predecessor-version":[{"id":5171,"href":"https:\/\/simoni.com\/es\/wp-json\/wp\/v2\/pages\/5168\/revisions\/5171"}],"wp:attachment":[{"href":"https:\/\/simoni.com\/es\/wp-json\/wp\/v2\/media?parent=5168"}],"curies":[{"name":"wp","href":"https:\/\/api.w.org\/{rel}","templated":true}]}}